{"id":8889,"date":"2016-07-14T11:16:53","date_gmt":"2016-07-14T14:16:53","guid":{"rendered":"https:\/\/www.orlandia.sp.gov.br\/novo\/?page_id=8889"},"modified":"2016-07-14T11:16:53","modified_gmt":"2016-07-14T14:16:53","slug":"contas-publicas-de-2012-lei-de-responsabilidade-fiscal","status":"publish","type":"page","link":"https:\/\/www.orlandia.sp.gov.br\/novo\/contas-publicas-de-2012-lei-de-responsabilidade-fiscal","title":{"rendered":"Contas P\u00fablicas de 2012 \u2013 Lei de Responsabilidade Fiscal"},"content":{"rendered":"<p>>> <a href=\"https:\/\/www.orlandia.sp.gov.br\/contaspublicas\/1.0_-_balanco_orcamentario.pdf\" target=\"_blank\">1.0 \u2013 Balan\u00e7o Or\u00e7ament\u00e1rio<\/a><\/p>\n<p>>> <a href=\"https:\/\/www.orlandia.sp.gov.br\/contaspublicas\/2.0_-_funcao_e_subfuncao.pdf\" target=\"_blank\">2.0 \u2013 Funcao e Subfuncao<\/a><\/p>\n<p>>> <a href=\"https:\/\/www.orlandia.sp.gov.br\/contaspublicas\/3.0_-_receita_corrente_liquida.pdf\" target=\"_blank\">3.0 \u2013 Receita Corrente L\u00edquida<\/a><\/p>\n<p>>> <a href=\"https:\/\/www.orlandia.sp.gov.br\/contaspublicas\/4.0_-_receita_e_despesa_previdenciaria.pdf\" target=\"_blank\">4.0 \u2013 Receita e Despesa Previdenciaria<\/a><\/p>\n<p>>> <a href=\"https:\/\/www.orlandia.sp.gov.br\/contaspublicas\/5.1_-_resultado_nominal.pdf\" target=\"_blank\">5.1 \u2013 Resultado Nominal<\/a><\/p>\n<p>>> <a href=\"https:\/\/www.orlandia.sp.gov.br\/contaspublicas\/5.2_-_resultado_primario.pdf\" target=\"_blank\">5.2 \u2013 Resultado Prim\u00e1rio<\/a><\/p>\n<p>>> <a href=\"https:\/\/www.orlandia.sp.gov.br\/contaspublicas\/6.0_-_restos_a_pagar.pdf\" target=\"_blank\">6.0 \u2013 Restos a Pagar<\/a><\/p>\n<p>>> <a href=\"https:\/\/www.orlandia.sp.gov.br\/contaspublicas\/7.0_-_operacoes_de_credito_e_desp_de_capital.pdf\" target=\"_blank\">7.0 \u2013 Opera\u00e7\u00f5es de Cr\u00e9dito e Desp. de Capital<\/a><\/p>\n<p>>> <a href=\"https:\/\/www.orlandia.sp.gov.br\/contaspublicas\/8.0_-_demonstrativo_das_projecoes_atuariais.pdf\" target=\"_blank\">8.0 \u2013 Demonstrativo das Proje\u00e7\u00f5es Atuariais<\/a><\/p>\n<p>>> <a href=\"https:\/\/www.orlandia.sp.gov.br\/contaspublicas\/9.0_-_variacoes_patrimoniais.pdf\" target=\"_blank\">9.0 \u2013 Varia\u00e7\u00f5es Patrimoniais<\/a><\/p>\n<p>>> <a href=\"https:\/\/www.orlandia.sp.gov.br\/contaspublicas\/10.0_-_relatorio_de_gestao_fiscal.pdf\" target=\"_blank\">10.0 \u2013 Relat\u00f3rio de Gest\u00e3o Fiscal<\/a><\/p>\n<p>>> <a href=\"https:\/\/www.orlandia.sp.gov.br\/contaspublicas\/10.1_-_demonstrativo_desp_com_pessoal.pdf\" target=\"_blank\">10.1 \u2013 Demonstrativo Desp. com Pessoal<\/a><\/p>\n<p>>> <a href=\"https:\/\/www.orlandia.sp.gov.br\/contaspublicas\/alienacao_de_ativos.pdf\" target=\"_blank\">Aliena\u00e7\u00e3o de Ativos<\/a><\/p>\n","protected":false},"excerpt":{"rendered":"<p>>> 1.0 \u2013 Balan\u00e7o Or\u00e7ament\u00e1rio >> 2.0 \u2013 Funcao e Subfuncao >> 3.0 \u2013 Receita Corrente L\u00edquida >> 4.0 \u2013<\/p>\n","protected":false},"author":1,"featured_media":0,"parent":0,"menu_order":0,"comment_status":"closed","ping_status":"closed","template":"","meta":{"ngg_post_thumbnail":0,"footnotes":""},"magazineBlocksPostFeaturedMedia":{"thumbnail":false,"medium":false,"medium_large":false,"large":false,"1536x1536":false,"2048x2048":false,"colormag-highlighted-post":false,"colormag-featured-post-medium":false,"colormag-featured-post-small":false,"colormag-featured-image":false,"colormag-default-news":false,"colormag-featured-image-large":false},"magazineBlocksPostAuthor":{"name":"admin","avatar":"https:\/\/secure.gravatar.com\/avatar\/5140b312f1bcbe8516bfaa79917f11b3?s=96&d=mm&r=g"},"magazineBlocksPostCommentsNumber":false,"magazineBlocksPostExcerpt":">> 1.0 \u2013 Balan\u00e7o Or\u00e7ament\u00e1rio >> 2.0 \u2013 Funcao e Subfuncao >> 3.0 \u2013 Receita Corrente L\u00edquida >> 4.0 \u2013","magazineBlocksPostCategories":[],"_links":{"self":[{"href":"https:\/\/www.orlandia.sp.gov.br\/novo\/wp-json\/wp\/v2\/pages\/8889"}],"collection":[{"href":"https:\/\/www.orlandia.sp.gov.br\/novo\/wp-json\/wp\/v2\/pages"}],"about":[{"href":"https:\/\/www.orlandia.sp.gov.br\/novo\/wp-json\/wp\/v2\/types\/page"}],"author":[{"embeddable":true,"href":"https:\/\/www.orlandia.sp.gov.br\/novo\/wp-json\/wp\/v2\/users\/1"}],"replies":[{"embeddable":true,"href":"https:\/\/www.orlandia.sp.gov.br\/novo\/wp-json\/wp\/v2\/comments?post=8889"}],"version-history":[{"count":1,"href":"https:\/\/www.orlandia.sp.gov.br\/novo\/wp-json\/wp\/v2\/pages\/8889\/revisions"}],"predecessor-version":[{"id":8890,"href":"https:\/\/www.orlandia.sp.gov.br\/novo\/wp-json\/wp\/v2\/pages\/8889\/revisions\/8890"}],"wp:attachment":[{"href":"https:\/\/www.orlandia.sp.gov.br\/novo\/wp-json\/wp\/v2\/media?parent=8889"}],"curies":[{"name":"wp","href":"https:\/\/api.w.org\/{rel}","templated":true}]}}